{"id":4756,"date":"2023-11-09T15:18:50","date_gmt":"2023-11-09T15:18:50","guid":{"rendered":"https:\/\/naturgesund-bw.de\/?page_id=4756"},"modified":"2024-06-20T18:33:39","modified_gmt":"2024-06-20T18:33:39","slug":"qualite-de-lair-dans-les-stations-thermales-et-les-villes-de-cure","status":"publish","type":"page","link":"https:\/\/naturgesund-bw.de\/fr\/luftqualitaet-in-heilbaedern-und-kurorten\/","title":{"rendered":"Qualit\u00e9 de l'air"},"content":{"rendered":"<div data-elementor-type=\"wp-page\" data-elementor-id=\"4756\" class=\"elementor elementor-4756\" data-elementor-post-type=\"page\">\n\t\t\t\t\t\t<section class=\"elementor-section elementor-top-section elementor-element elementor-element-c320c14 elementor-section-full_width elementor-section-height-min-height elementor-section-items-top elementor-section-height-default\" data-id=\"c320c14\" data-element_type=\"section\" data-e-type=\"section\" data-settings=\"{&quot;background_background&quot;:&quot;classic&quot;}\">\n\t\t\t\t\t\t<div class=\"elementor-container elementor-column-gap-default\">\n\t\t\t\t\t<div class=\"elementor-column elementor-col-20 elementor-top-column elementor-element elementor-element-a97e6f1\" data-id=\"a97e6f1\" data-element_type=\"column\" data-e-type=\"column\">\n\t\t\t<div class=\"elementor-widget-wrap\">\n\t\t\t\t\t\t\t<\/div>\n\t\t<\/div>\n\t\t\t\t<div class=\"elementor-column elementor-col-20 elementor-top-column elementor-element elementor-element-ce47ed4\" data-id=\"ce47ed4\" data-element_type=\"column\" data-e-type=\"column\">\n\t\t\t<div class=\"elementor-widget-wrap\">\n\t\t\t\t\t\t\t<\/div>\n\t\t<\/div>\n\t\t\t\t<div class=\"elementor-column elementor-col-20 elementor-top-column elementor-element elementor-element-898d5de\" data-id=\"898d5de\" data-element_type=\"column\" data-e-type=\"column\">\n\t\t\t<div class=\"elementor-widget-wrap elementor-element-populated\">\n\t\t\t\t\t\t<div class=\"elementor-element elementor-element-abff230 elementor-widget elementor-widget-heading\" data-id=\"abff230\" data-element_type=\"widget\" data-e-type=\"widget\" data-widget_type=\"heading.default\">\n\t\t\t\t<div class=\"elementor-widget-container\">\n\t\t\t\t\t<p class=\"elementor-heading-title elementor-size-default\">QUALIT\u00c9 DE L'AIR DANS LES STATIONS THERMIQUES ET THERMALES DU BADEN-W\u00dcRTTEMBERG<\/p>\t\t\t\t<\/div>\n\t\t\t\t<\/div>\n\t\t\t\t<div class=\"elementor-element elementor-element-a1d05f0 elementor-widget elementor-widget-heading\" data-id=\"a1d05f0\" data-element_type=\"widget\" data-e-type=\"widget\" data-widget_type=\"heading.default\">\n\t\t\t\t<div class=\"elementor-widget-container\">\n\t\t\t\t\t<h1 class=\"elementor-heading-title elementor-size-default\">Comment est r\u00e9ellement l\u2019air dans...<\/h1>\t\t\t\t<\/div>\n\t\t\t\t<\/div>\n\t\t\t\t<div class=\"elementor-element elementor-element-ad53274 elementor-widget elementor-widget-image\" data-id=\"ad53274\" data-element_type=\"widget\" data-e-type=\"widget\" data-widget_type=\"image.default\">\n\t\t\t\t<div class=\"elementor-widget-container\">\n\t\t\t\t\t\t\t\t\t\t\t\t\t\t\t<img fetchpriority=\"high\" decoding=\"async\" width=\"1696\" height=\"800\" src=\"https:\/\/naturgesund-bw.de\/wp-content\/uploads\/2023\/11\/hkm-banner-luftqualitaet-1.jpg\" class=\"attachment-full size-full wp-image-6112\" alt=\"Une femme se d\u00e9tend les yeux ferm\u00e9s en plein air et profite de l&#039;air.\" srcset=\"https:\/\/naturgesund-bw.de\/wp-content\/uploads\/2023\/11\/hkm-banner-luftqualitaet-1.jpg 1696w, https:\/\/naturgesund-bw.de\/wp-content\/uploads\/2023\/11\/hkm-banner-luftqualitaet-1-300x142.jpg 300w, https:\/\/naturgesund-bw.de\/wp-content\/uploads\/2023\/11\/hkm-banner-luftqualitaet-1-1024x483.jpg 1024w, https:\/\/naturgesund-bw.de\/wp-content\/uploads\/2023\/11\/hkm-banner-luftqualitaet-1-768x362.jpg 768w, https:\/\/naturgesund-bw.de\/wp-content\/uploads\/2023\/11\/hkm-banner-luftqualitaet-1-1536x725.jpg 1536w\" sizes=\"(max-width: 1696px) 100vw, 1696px\" \/>\t\t\t\t\t\t\t\t\t\t\t\t\t\t\t<\/div>\n\t\t\t\t<\/div>\n\t\t\t\t\t<\/div>\n\t\t<\/div>\n\t\t\t\t<div class=\"elementor-column elementor-col-20 elementor-top-column elementor-element elementor-element-46173c9\" data-id=\"46173c9\" data-element_type=\"column\" data-e-type=\"column\">\n\t\t\t<div class=\"elementor-widget-wrap\">\n\t\t\t\t\t\t\t<\/div>\n\t\t<\/div>\n\t\t\t\t<div class=\"elementor-column elementor-col-20 elementor-top-column elementor-element elementor-element-79be4f2\" data-id=\"79be4f2\" data-element_type=\"column\" data-e-type=\"column\">\n\t\t\t<div class=\"elementor-widget-wrap\">\n\t\t\t\t\t\t\t<\/div>\n\t\t<\/div>\n\t\t\t\t\t<\/div>\n\t\t<\/section>\n\t\t\t\t<section class=\"elementor-section elementor-top-section elementor-element elementor-element-1ebd312e elementor-section-full_width elementor-section-height-default elementor-section-height-default\" data-id=\"1ebd312e\" data-element_type=\"section\" data-e-type=\"section\">\n\t\t\t\t\t\t<div class=\"elementor-container elementor-column-gap-default\">\n\t\t\t\t\t<div class=\"elementor-column elementor-col-20 elementor-top-column elementor-element elementor-element-2df5148d elementor-hidden-mobile\" data-id=\"2df5148d\" data-element_type=\"column\" data-e-type=\"column\">\n\t\t\t<div class=\"elementor-widget-wrap\">\n\t\t\t\t\t\t\t<\/div>\n\t\t<\/div>\n\t\t\t\t<div class=\"elementor-column elementor-col-20 elementor-top-column elementor-element elementor-element-791b8a9d\" data-id=\"791b8a9d\" data-element_type=\"column\" data-e-type=\"column\">\n\t\t\t<div class=\"elementor-widget-wrap\">\n\t\t\t\t\t\t\t<\/div>\n\t\t<\/div>\n\t\t\t\t<div class=\"elementor-column elementor-col-20 elementor-top-column elementor-element elementor-element-37e11eef\" data-id=\"37e11eef\" data-element_type=\"column\" data-e-type=\"column\">\n\t\t\t<div class=\"elementor-widget-wrap elementor-element-populated\">\n\t\t\t\t\t\t<div class=\"elementor-element elementor-element-37d212f4 elementor-widget elementor-widget-heading\" data-id=\"37d212f4\" data-element_type=\"widget\" data-e-type=\"widget\" data-widget_type=\"heading.default\">\n\t\t\t\t<div class=\"elementor-widget-container\">\n\t\t\t\t\t<h2 class=\"elementor-heading-title elementor-size-default\">Votre sant\u00e9 est importante pour nous<\/h2>\t\t\t\t<\/div>\n\t\t\t\t<\/div>\n\t\t\t\t<div class=\"elementor-element elementor-element-3dfce7a4 elementor-widget elementor-widget-text-editor\" data-id=\"3dfce7a4\" data-element_type=\"widget\" data-e-type=\"widget\" data-widget_type=\"text-editor.default\">\n\t\t\t\t<div class=\"elementor-widget-container\">\n\t\t\t\t\t\t\t\t\tL'association des stations thermales du Bade-Wurtemberg a d\u00e9velopp\u00e9, en collaboration avec Robert Bosch GmbH, un syst\u00e8me de surveillance de la qualit\u00e9 de l'air en temps r\u00e9el pour les stations thermales et les villes de cure. \u00c0 l'aide d'un bo\u00eetier de mesure de la qualit\u00e9 de l'air de Bosch, l'indice AirQualityIndex, reconnu au niveau international, est \u00e9mis. Les visiteurs et les habitants peuvent ainsi s'informer en toute transparence sur la teneur de l'air sur place et planifier leurs activit\u00e9s en cons\u00e9quence. Gr\u00e2ce \u00e0 des donn\u00e9es intelligentes, l'AirQualityIndex, disponible en temps r\u00e9el, apporte une r\u00e9elle valeur ajout\u00e9e aux stations thermales et aux lieux de cure, pour un bien-\u00eatre et une qualit\u00e9 de vie accrus.\t\t\t\t\t\t\t\t<\/div>\n\t\t\t\t<\/div>\n\t\t\t\t<div class=\"elementor-element elementor-element-6ff70889 elementor-widget elementor-widget-spacer\" data-id=\"6ff70889\" data-element_type=\"widget\" data-e-type=\"widget\" data-widget_type=\"spacer.default\">\n\t\t\t\t<div class=\"elementor-widget-container\">\n\t\t\t\t\t\t\t<div class=\"elementor-spacer\">\n\t\t\t<div class=\"elementor-spacer-inner\"><\/div>\n\t\t<\/div>\n\t\t\t\t\t\t<\/div>\n\t\t\t\t<\/div>\n\t\t\t\t<div class=\"elementor-element elementor-element-f98e130 elementor-widget elementor-widget-html\" data-id=\"f98e130\" data-element_type=\"widget\" data-e-type=\"widget\" data-widget_type=\"html.default\">\n\t\t\t\t<div class=\"elementor-widget-container\">\n\t\t\t\t\t<iframe no-scroll style=\"width: 100%;height: 62rem;\" src=\"https:\/\/d9rg1s4uogmfk.cloudfront.net\/hinterzarten\/index.html\"><\/iframe>\t\t\t\t<\/div>\n\t\t\t\t<\/div>\n\t\t\t\t<div class=\"elementor-element elementor-element-d7ee609 elementor-widget elementor-widget-html\" data-id=\"d7ee609\" data-element_type=\"widget\" data-e-type=\"widget\" data-widget_type=\"html.default\">\n\t\t\t\t<div class=\"elementor-widget-container\">\n\t\t\t\t\t<iframe id=\"aqi-iframe\" style=\"width: 100%;height: 62rem;\" src=\"https:\/\/d9rg1s4uogmfk.cloudfront.net\/bad_duerrheim\/index.html\"><\/iframe>\t\t\t\t<\/div>\n\t\t\t\t<\/div>\n\t\t\t\t\t<\/div>\n\t\t<\/div>\n\t\t\t\t<div class=\"elementor-column elementor-col-20 elementor-top-column elementor-element elementor-element-7681c343\" data-id=\"7681c343\" data-element_type=\"column\" data-e-type=\"column\">\n\t\t\t<div class=\"elementor-widget-wrap\">\n\t\t\t\t\t\t\t<\/div>\n\t\t<\/div>\n\t\t\t\t<div class=\"elementor-column elementor-col-20 elementor-top-column elementor-element elementor-element-79ede791\" data-id=\"79ede791\" data-element_type=\"column\" data-e-type=\"column\">\n\t\t\t<div class=\"elementor-widget-wrap\">\n\t\t\t\t\t\t\t<\/div>\n\t\t<\/div>\n\t\t\t\t\t<\/div>\n\t\t<\/section>\n\t\t\t\t<section class=\"elementor-section elementor-top-section elementor-element elementor-element-d72a95e elementor-section-boxed elementor-section-height-default elementor-section-height-default\" data-id=\"d72a95e\" data-element_type=\"section\" data-e-type=\"section\">\n\t\t\t\t\t\t<div class=\"elementor-container elementor-column-gap-default\">\n\t\t\t\t\t<div class=\"elementor-column elementor-col-100 elementor-top-column elementor-element elementor-element-4b8b623\" data-id=\"4b8b623\" data-element_type=\"column\" data-e-type=\"column\">\n\t\t\t<div class=\"elementor-widget-wrap elementor-element-populated\">\n\t\t\t\t\t\t<div class=\"elementor-element elementor-element-fbe7343 elementor-cta--skin-classic elementor-animated-content elementor-bg-transform elementor-bg-transform-zoom-in elementor-widget elementor-widget-call-to-action\" data-id=\"fbe7343\" data-element_type=\"widget\" data-e-type=\"widget\" data-widget_type=\"call-to-action.default\">\n\t\t\t\t<div class=\"elementor-widget-container\">\n\t\t\t\t\t\t\t<div class=\"elementor-cta\">\n\t\t\t\t\t<div class=\"elementor-cta__bg-wrapper\">\n\t\t\t\t<div class=\"elementor-cta__bg elementor-bg\" style=\"background-image: url(https:\/\/naturgesund-bw.de\/wp-content\/uploads\/2023\/11\/hkm-banner-home-kliniken-1024x260.jpg);\" role=\"img\" aria-label=\"Un couple \u00e2g\u00e9, vu de dos, se prom\u00e8ne dans la verdure.\"><\/div>\n\t\t\t\t<div class=\"elementor-cta__bg-overlay\"><\/div>\n\t\t\t<\/div>\n\t\t\t\t\t\t\t<div class=\"elementor-cta__content\">\n\t\t\t\t\n\t\t\t\t\t\t\t\t\t<h2 class=\"elementor-cta__title elementor-cta__content-item elementor-content-item\">\n\t\t\t\t\t\tUn air de qualit\u00e9 dans les stations thermales climatiques \t\t\t\t\t<\/h2>\n\t\t\t\t\n\t\t\t\t\t\t\t\t\t<div class=\"elementor-cta__description elementor-cta__content-item elementor-content-item\">\n\t\t\t\t\t\tOn trouve un air particuli\u00e8rement bon dans les stations climatiques ou les stations thermales \u00e0 climat th\u00e9rapeutique. \t\t\t\t\t<\/div>\n\t\t\t\t\n\t\t\t\t\t\t\t\t\t<div class=\"elementor-cta__button-wrapper elementor-cta__content-item elementor-content-item\">\n\t\t\t\t\t<a class=\"elementor-cta__button elementor-button elementor-size-\" href=\"https:\/\/naturgesund-bw.de\/fr\/wohltuende-luft\/\">\n\t\t\t\t\t\tTrouver des stations thermales \u00e0 climat th\u00e9rapeutique ! \t\t\t\t\t<\/a>\n\t\t\t\t\t<\/div>\n\t\t\t\t\t\t\t<\/div>\n\t\t\t\t\t\t<\/div>\n\t\t\t\t\t\t<\/div>\n\t\t\t\t<\/div>\n\t\t\t\t\t<\/div>\n\t\t<\/div>\n\t\t\t\t\t<\/div>\n\t\t<\/section>\n\t\t\t\t<section class=\"elementor-section elementor-top-section elementor-element elementor-element-861f250 elementor-section-full_width elementor-section-height-default elementor-section-height-default\" data-id=\"861f250\" data-element_type=\"section\" data-e-type=\"section\">\n\t\t\t\t\t\t<div class=\"elementor-container elementor-column-gap-default\">\n\t\t\t\t\t<div class=\"elementor-column elementor-col-100 elementor-top-column elementor-element elementor-element-47197c3\" data-id=\"47197c3\" data-element_type=\"column\" data-e-type=\"column\">\n\t\t\t<div class=\"elementor-widget-wrap elementor-element-populated\">\n\t\t\t\t\t\t<div class=\"elementor-element elementor-element-188e9fb elementor-widget elementor-widget-shortcode\" data-id=\"188e9fb\" data-element_type=\"widget\" data-e-type=\"widget\" data-widget_type=\"shortcode.default\">\n\t\t\t\t<div class=\"elementor-widget-container\">\n\t\t\t\t\t\t\t<div class=\"elementor-shortcode\">\t\t<div data-elementor-type=\"section\" data-elementor-id=\"3612\" class=\"elementor elementor-3612\" data-elementor-post-type=\"elementor_library\">\n\t\t\t\t\t<section class=\"elementor-section elementor-top-section elementor-element elementor-element-540d106 elementor-section-full_width elementor-section-height-default elementor-section-height-default\" data-id=\"540d106\" data-element_type=\"section\" data-e-type=\"section\" data-settings=\"{&quot;background_background&quot;:&quot;classic&quot;}\">\n\t\t\t\t\t\t\t<div class=\"elementor-background-overlay\"><\/div>\n\t\t\t\t\t\t\t<div class=\"elementor-container elementor-column-gap-default\">\n\t\t\t\t\t<div class=\"elementor-column elementor-col-20 elementor-top-column elementor-element elementor-element-dbab23a\" data-id=\"dbab23a\" data-element_type=\"column\" data-e-type=\"column\">\n\t\t\t<div class=\"elementor-widget-wrap\">\n\t\t\t\t\t\t\t<\/div>\n\t\t<\/div>\n\t\t\t\t<div class=\"elementor-column elementor-col-20 elementor-top-column elementor-element elementor-element-f74101f\" data-id=\"f74101f\" data-element_type=\"column\" data-e-type=\"column\">\n\t\t\t<div class=\"elementor-widget-wrap\">\n\t\t\t\t\t\t\t<\/div>\n\t\t<\/div>\n\t\t\t\t<div class=\"elementor-column elementor-col-20 elementor-top-column elementor-element elementor-element-41c5ee1\" data-id=\"41c5ee1\" data-element_type=\"column\" data-e-type=\"column\">\n\t\t\t<div class=\"elementor-widget-wrap elementor-element-populated\">\n\t\t\t\t\t\t<div class=\"elementor-element elementor-element-8c9464c elementor-widget elementor-widget-text-editor\" data-id=\"8c9464c\" data-element_type=\"widget\" data-e-type=\"widget\" data-widget_type=\"text-editor.default\">\n\t\t\t\t<div class=\"elementor-widget-container\">\n\t\t\t\t\t\t\t\t\tF\u00c9D\u00c9RATION\t\t\t\t\t\t\t\t<\/div>\n\t\t\t\t<\/div>\n\t\t\t\t<div class=\"elementor-element elementor-element-fa73d6f elementor-widget elementor-widget-heading\" data-id=\"fa73d6f\" data-element_type=\"widget\" data-e-type=\"widget\" data-widget_type=\"heading.default\">\n\t\t\t\t<div class=\"elementor-widget-container\">\n\t\t\t\t\t<h2 class=\"elementor-heading-title elementor-size-default\">Stations thermales et stations de cure dans le Bade-Wurtemberg<\/h2>\t\t\t\t<\/div>\n\t\t\t\t<\/div>\n\t\t\t\t<div class=\"elementor-element elementor-element-e483613 elementor-widget elementor-widget-spacer\" data-id=\"e483613\" data-element_type=\"widget\" data-e-type=\"widget\" data-widget_type=\"spacer.default\">\n\t\t\t\t<div class=\"elementor-widget-container\">\n\t\t\t\t\t\t\t<div class=\"elementor-spacer\">\n\t\t\t<div class=\"elementor-spacer-inner\"><\/div>\n\t\t<\/div>\n\t\t\t\t\t\t<\/div>\n\t\t\t\t<\/div>\n\t\t\t\t<div class=\"elementor-element elementor-element-b946284 elementor-align-center elementor-widget elementor-widget-button\" data-id=\"b946284\" data-element_type=\"widget\" data-e-type=\"widget\" data-widget_type=\"button.default\">\n\t\t\t\t<div class=\"elementor-widget-container\">\n\t\t\t\t\t\t\t\t\t<div class=\"elementor-button-wrapper\">\n\t\t\t\t\t<a class=\"elementor-button elementor-button-link elementor-size-lg\" href=\"https:\/\/naturgesund-bw.de\/fr\/stations-thermales-et-villes-thermales-en-bade-wurtemberg\/\">\n\t\t\t\t\t\t<span class=\"elementor-button-content-wrapper\">\n\t\t\t\t\t\t<span class=\"elementor-button-icon\">\n\t\t\t\t<i aria-hidden=\"true\" class=\"fas fa-long-arrow-alt-right\"><\/i>\t\t\t<\/span>\n\t\t\t\t\t\t\t\t\t<span class=\"elementor-button-text\">En savoir plus<\/span>\n\t\t\t\t\t<\/span>\n\t\t\t\t\t<\/a>\n\t\t\t\t<\/div>\n\t\t\t\t\t\t\t\t<\/div>\n\t\t\t\t<\/div>\n\t\t\t\t\t<\/div>\n\t\t<\/div>\n\t\t\t\t<div class=\"elementor-column elementor-col-20 elementor-top-column elementor-element elementor-element-6069737\" data-id=\"6069737\" data-element_type=\"column\" data-e-type=\"column\">\n\t\t\t<div class=\"elementor-widget-wrap\">\n\t\t\t\t\t\t\t<\/div>\n\t\t<\/div>\n\t\t\t\t<div class=\"elementor-column elementor-col-20 elementor-top-column elementor-element elementor-element-be21725\" data-id=\"be21725\" data-element_type=\"column\" data-e-type=\"column\">\n\t\t\t<div class=\"elementor-widget-wrap\">\n\t\t\t\t\t\t\t<\/div>\n\t\t<\/div>\n\t\t\t\t\t<\/div>\n\t\t<\/section>\n\t\t\t\t<\/div>\n\t\t<\/div>\n\t\t\t\t\t\t<\/div>\n\t\t\t\t<\/div>\n\t\t\t\t\t<\/div>\n\t\t<\/div>\n\t\t\t\t\t<\/div>\n\t\t<\/section>\n\t\t\t\t<\/div>","protected":false},"excerpt":{"rendered":"<p>LUFTQUALIT\u00c4T IN DEN HEILB\u00c4DERN UND KURORTEN IN BADEN-W\u00dcRTTEMBERG Wie ist eigentlich die Luft in \u2026 Ihre Gesundheit liegt uns am Herzen Der Heilb\u00e4derverband Baden-W\u00fcrttemberg hat gemeinsam mit der Robert Bosch GmbH ein Echtzeit Luftqualit\u00e4ts-Monitoring f\u00fcr Heilb\u00e4der und Kurorte entwickelt. Mit Hilfe einer Luftqualit\u00e4tsmessbox von Bosch wird der international anerkannte AirQualityIndex ausgegeben. G\u00e4ste und Einheimische k\u00f6nnen [&hellip;]<\/p>\n","protected":false},"author":1,"featured_media":0,"parent":0,"menu_order":0,"comment_status":"closed","ping_status":"closed","template":"","meta":{"footnotes":""},"class_list":["post-4756","page","type-page","status-publish","hentry"],"yoast_head":"<!-- This site is optimized with the Yoast SEO plugin v27.5 - https:\/\/yoast.com\/product\/yoast-seo-wordpress\/ -->\n<title>Luftqualit\u00e4t in Baden-W\u00fcrttembergs Heilb\u00e4dern und Kurorten<\/title>\n<meta name=\"description\" content=\"Mehr \u00fcber die Luftqualit\u00e4t in Baden-W\u00fcrttembergs Heilb\u00e4dern und Kurorten. Echtzeit-Luftqualit\u00e4tsmonitoring gibt Auskunft f\u00fcr Ihre Planung.\" \/>\n<meta name=\"robots\" content=\"index, follow, max-snippet:-1, max-image-preview:large, max-video-preview:-1\" \/>\n<link rel=\"canonical\" href=\"https:\/\/naturgesund-bw.de\/fr\/qualite-de-lair-dans-les-stations-thermales-et-les-villes-de-cure\/\" \/>\n<meta property=\"og:locale\" content=\"fr_FR\" \/>\n<meta property=\"og:type\" content=\"article\" \/>\n<meta property=\"og:title\" content=\"Luftqualit\u00e4t in Baden-W\u00fcrttembergs Heilb\u00e4dern und Kurorten\" \/>\n<meta property=\"og:description\" content=\"Mehr \u00fcber die Luftqualit\u00e4t in Baden-W\u00fcrttembergs Heilb\u00e4dern und Kurorten. Echtzeit-Luftqualit\u00e4tsmonitoring gibt Auskunft f\u00fcr Ihre Planung.\" \/>\n<meta property=\"og:url\" content=\"https:\/\/naturgesund-bw.de\/fr\/qualite-de-lair-dans-les-stations-thermales-et-les-villes-de-cure\/\" \/>\n<meta property=\"og:site_name\" content=\"naturgesund translate\" \/>\n<meta property=\"article:publisher\" content=\"https:\/\/www.facebook.com\/naturerholt\/\" \/>\n<meta property=\"article:modified_time\" content=\"2024-06-20T18:33:39+00:00\" \/>\n<meta property=\"og:image\" content=\"https:\/\/naturgesund-bw.de\/wp-content\/uploads\/2023\/11\/hkm-banner-luftqualitaet-1.jpg\" \/>\n<meta name=\"twitter:card\" content=\"summary_large_image\" \/>\n<meta name=\"twitter:label1\" content=\"Dur\u00e9e de lecture estim\u00e9e\" \/>\n\t<meta name=\"twitter:data1\" content=\"1 minute\" \/>\n<script type=\"application\/ld+json\" class=\"yoast-schema-graph\">{\"@context\":\"https:\\\/\\\/schema.org\",\"@graph\":[{\"@type\":\"WebPage\",\"@id\":\"https:\\\/\\\/naturgesund-bw.de\\\/luftqualitaet-in-heilbaedern-und-kurorten\\\/\",\"url\":\"https:\\\/\\\/naturgesund-bw.de\\\/luftqualitaet-in-heilbaedern-und-kurorten\\\/\",\"name\":\"Luftqualit\u00e4t in Baden-W\u00fcrttembergs Heilb\u00e4dern und Kurorten\",\"isPartOf\":{\"@id\":\"https:\\\/\\\/naturgesund-bw.de\\\/#website\"},\"primaryImageOfPage\":{\"@id\":\"https:\\\/\\\/naturgesund-bw.de\\\/luftqualitaet-in-heilbaedern-und-kurorten\\\/#primaryimage\"},\"image\":{\"@id\":\"https:\\\/\\\/naturgesund-bw.de\\\/luftqualitaet-in-heilbaedern-und-kurorten\\\/#primaryimage\"},\"thumbnailUrl\":\"https:\\\/\\\/naturgesund-bw.de\\\/wp-content\\\/uploads\\\/2023\\\/11\\\/hkm-banner-luftqualitaet-1.jpg\",\"datePublished\":\"2023-11-09T15:18:50+00:00\",\"dateModified\":\"2024-06-20T18:33:39+00:00\",\"description\":\"Mehr \u00fcber die Luftqualit\u00e4t in Baden-W\u00fcrttembergs Heilb\u00e4dern und Kurorten. Echtzeit-Luftqualit\u00e4tsmonitoring gibt Auskunft f\u00fcr Ihre Planung.\",\"breadcrumb\":{\"@id\":\"https:\\\/\\\/naturgesund-bw.de\\\/luftqualitaet-in-heilbaedern-und-kurorten\\\/#breadcrumb\"},\"inLanguage\":\"fr-FR\",\"potentialAction\":[{\"@type\":\"ReadAction\",\"target\":[\"https:\\\/\\\/naturgesund-bw.de\\\/luftqualitaet-in-heilbaedern-und-kurorten\\\/\"]}]},{\"@type\":\"ImageObject\",\"inLanguage\":\"fr-FR\",\"@id\":\"https:\\\/\\\/naturgesund-bw.de\\\/luftqualitaet-in-heilbaedern-und-kurorten\\\/#primaryimage\",\"url\":\"https:\\\/\\\/naturgesund-bw.de\\\/wp-content\\\/uploads\\\/2023\\\/11\\\/hkm-banner-luftqualitaet-1.jpg\",\"contentUrl\":\"https:\\\/\\\/naturgesund-bw.de\\\/wp-content\\\/uploads\\\/2023\\\/11\\\/hkm-banner-luftqualitaet-1.jpg\"},{\"@type\":\"BreadcrumbList\",\"@id\":\"https:\\\/\\\/naturgesund-bw.de\\\/luftqualitaet-in-heilbaedern-und-kurorten\\\/#breadcrumb\",\"itemListElement\":[{\"@type\":\"ListItem\",\"position\":1,\"name\":\"Startseite\",\"item\":\"https:\\\/\\\/naturgesund-bw.de\\\/\"},{\"@type\":\"ListItem\",\"position\":2,\"name\":\"Luftqualit\u00e4t\"}]},{\"@type\":\"WebSite\",\"@id\":\"https:\\\/\\\/naturgesund-bw.de\\\/#website\",\"url\":\"https:\\\/\\\/naturgesund-bw.de\\\/\",\"name\":\"HKM Heilb\u00e4der und Kurorte Marketing GmbH Baden-W\u00fcrttemberg\",\"description\":\"\",\"publisher\":{\"@id\":\"https:\\\/\\\/naturgesund-bw.de\\\/#organization\"},\"potentialAction\":[{\"@type\":\"SearchAction\",\"target\":{\"@type\":\"EntryPoint\",\"urlTemplate\":\"https:\\\/\\\/naturgesund-bw.de\\\/?s={search_term_string}\"},\"query-input\":{\"@type\":\"PropertyValueSpecification\",\"valueRequired\":true,\"valueName\":\"search_term_string\"}}],\"inLanguage\":\"fr-FR\"},{\"@type\":\"Organization\",\"@id\":\"https:\\\/\\\/naturgesund-bw.de\\\/#organization\",\"name\":\"HKM Heilb\u00e4der und Kurorte Marketing GmbH Baden-W\u00fcrttemberg\",\"url\":\"https:\\\/\\\/naturgesund-bw.de\\\/\",\"logo\":{\"@type\":\"ImageObject\",\"inLanguage\":\"fr-FR\",\"@id\":\"https:\\\/\\\/naturgesund-bw.de\\\/#\\\/schema\\\/logo\\\/image\\\/\",\"url\":\"https:\\\/\\\/naturgesund-bw.de\\\/wp-content\\\/uploads\\\/2023\\\/10\\\/HKM-Logo.png\",\"contentUrl\":\"https:\\\/\\\/naturgesund-bw.de\\\/wp-content\\\/uploads\\\/2023\\\/10\\\/HKM-Logo.png\",\"width\":559,\"height\":89,\"caption\":\"HKM Heilb\u00e4der und Kurorte Marketing GmbH Baden-W\u00fcrttemberg\"},\"image\":{\"@id\":\"https:\\\/\\\/naturgesund-bw.de\\\/#\\\/schema\\\/logo\\\/image\\\/\"},\"sameAs\":[\"https:\\\/\\\/www.facebook.com\\\/naturerholt\\\/\",\"https:\\\/\\\/www.instagram.com\\\/natur.erholt\\\/\",\"https:\\\/\\\/www.tiktok.com\\\/@natur.erholt\"]}]}<\/script>\n<!-- \/ Yoast SEO plugin. -->","yoast_head_json":{"title":"Qualit\u00e9 de l\u2019air dans les villes et stations du Bade-Wurtemberg","description":"Qualit\u00e9 de l'air dans les stations thermales du Bade-Wurtemberg. Suivi en temps r\u00e9el pour votre planification.","robots":{"index":"index","follow":"follow","max-snippet":"max-snippet:-1","max-image-preview":"max-image-preview:large","max-video-preview":"max-video-preview:-1"},"canonical":"https:\/\/naturgesund-bw.de\/fr\/qualite-de-lair-dans-les-stations-thermales-et-les-villes-de-cure\/","og_locale":"fr_FR","og_type":"article","og_title":"Luftqualit\u00e4t in Baden-W\u00fcrttembergs Heilb\u00e4dern und Kurorten","og_description":"Mehr \u00fcber die Luftqualit\u00e4t in Baden-W\u00fcrttembergs Heilb\u00e4dern und Kurorten. Echtzeit-Luftqualit\u00e4tsmonitoring gibt Auskunft f\u00fcr Ihre Planung.","og_url":"https:\/\/naturgesund-bw.de\/fr\/qualite-de-lair-dans-les-stations-thermales-et-les-villes-de-cure\/","og_site_name":"naturgesund translate","article_publisher":"https:\/\/www.facebook.com\/naturerholt\/","article_modified_time":"2024-06-20T18:33:39+00:00","og_image":[{"url":"https:\/\/naturgesund-bw.de\/wp-content\/uploads\/2023\/11\/hkm-banner-luftqualitaet-1.jpg","type":"","width":"","height":""}],"twitter_card":"summary_large_image","twitter_misc":{"Dur\u00e9e de lecture estim\u00e9e":"1 minute"},"schema":{"@context":"https:\/\/schema.org","@graph":[{"@type":"WebPage","@id":"https:\/\/naturgesund-bw.de\/luftqualitaet-in-heilbaedern-und-kurorten\/","url":"https:\/\/naturgesund-bw.de\/luftqualitaet-in-heilbaedern-und-kurorten\/","name":"Qualit\u00e9 de l\u2019air dans les villes et stations du Bade-Wurtemberg","isPartOf":{"@id":"https:\/\/naturgesund-bw.de\/#website"},"primaryImageOfPage":{"@id":"https:\/\/naturgesund-bw.de\/luftqualitaet-in-heilbaedern-und-kurorten\/#primaryimage"},"image":{"@id":"https:\/\/naturgesund-bw.de\/luftqualitaet-in-heilbaedern-und-kurorten\/#primaryimage"},"thumbnailUrl":"https:\/\/naturgesund-bw.de\/wp-content\/uploads\/2023\/11\/hkm-banner-luftqualitaet-1.jpg","datePublished":"2023-11-09T15:18:50+00:00","dateModified":"2024-06-20T18:33:39+00:00","description":"Qualit\u00e9 de l'air dans les stations thermales du Bade-Wurtemberg. Suivi en temps r\u00e9el pour votre planification.","breadcrumb":{"@id":"https:\/\/naturgesund-bw.de\/luftqualitaet-in-heilbaedern-und-kurorten\/#breadcrumb"},"inLanguage":"fr-FR","potentialAction":[{"@type":"ReadAction","target":["https:\/\/naturgesund-bw.de\/luftqualitaet-in-heilbaedern-und-kurorten\/"]}]},{"@type":"ImageObject","inLanguage":"fr-FR","@id":"https:\/\/naturgesund-bw.de\/luftqualitaet-in-heilbaedern-und-kurorten\/#primaryimage","url":"https:\/\/naturgesund-bw.de\/wp-content\/uploads\/2023\/11\/hkm-banner-luftqualitaet-1.jpg","contentUrl":"https:\/\/naturgesund-bw.de\/wp-content\/uploads\/2023\/11\/hkm-banner-luftqualitaet-1.jpg"},{"@type":"BreadcrumbList","@id":"https:\/\/naturgesund-bw.de\/luftqualitaet-in-heilbaedern-und-kurorten\/#breadcrumb","itemListElement":[{"@type":"ListItem","position":1,"name":"Startseite","item":"https:\/\/naturgesund-bw.de\/"},{"@type":"ListItem","position":2,"name":"Luftqualit\u00e4t"}]},{"@type":"WebSite","@id":"https:\/\/naturgesund-bw.de\/#website","url":"https:\/\/naturgesund-bw.de\/","name":"HKM Heilb\u00e4der und Kurorte Marketing GmbH Bade-Wurtemberg","description":"","publisher":{"@id":"https:\/\/naturgesund-bw.de\/#organization"},"potentialAction":[{"@type":"SearchAction","target":{"@type":"EntryPoint","urlTemplate":"https:\/\/naturgesund-bw.de\/?s={search_term_string}"},"query-input":{"@type":"PropertyValueSpecification","valueRequired":true,"valueName":"search_term_string"}}],"inLanguage":"fr-FR"},{"@type":"Organization","@id":"https:\/\/naturgesund-bw.de\/#organization","name":"HKM Heilb\u00e4der und Kurorte Marketing GmbH Bade-Wurtemberg","url":"https:\/\/naturgesund-bw.de\/","logo":{"@type":"ImageObject","inLanguage":"fr-FR","@id":"https:\/\/naturgesund-bw.de\/#\/schema\/logo\/image\/","url":"https:\/\/naturgesund-bw.de\/wp-content\/uploads\/2023\/10\/HKM-Logo.png","contentUrl":"https:\/\/naturgesund-bw.de\/wp-content\/uploads\/2023\/10\/HKM-Logo.png","width":559,"height":89,"caption":"HKM Heilb\u00e4der und Kurorte Marketing GmbH Baden-W\u00fcrttemberg"},"image":{"@id":"https:\/\/naturgesund-bw.de\/#\/schema\/logo\/image\/"},"sameAs":["https:\/\/www.facebook.com\/naturerholt\/","https:\/\/www.instagram.com\/natur.erholt\/","https:\/\/www.tiktok.com\/@natur.erholt"]}]}},"_links":{"self":[{"href":"https:\/\/naturgesund-bw.de\/fr\/wp-json\/wp\/v2\/pages\/4756","targetHints":{"allow":["GET"]}}],"collection":[{"href":"https:\/\/naturgesund-bw.de\/fr\/wp-json\/wp\/v2\/pages"}],"about":[{"href":"https:\/\/naturgesund-bw.de\/fr\/wp-json\/wp\/v2\/types\/page"}],"author":[{"embeddable":true,"href":"https:\/\/naturgesund-bw.de\/fr\/wp-json\/wp\/v2\/users\/1"}],"replies":[{"embeddable":true,"href":"https:\/\/naturgesund-bw.de\/fr\/wp-json\/wp\/v2\/comments?post=4756"}],"version-history":[{"count":10,"href":"https:\/\/naturgesund-bw.de\/fr\/wp-json\/wp\/v2\/pages\/4756\/revisions"}],"predecessor-version":[{"id":8381,"href":"https:\/\/naturgesund-bw.de\/fr\/wp-json\/wp\/v2\/pages\/4756\/revisions\/8381"}],"wp:attachment":[{"href":"https:\/\/naturgesund-bw.de\/fr\/wp-json\/wp\/v2\/media?parent=4756"}],"curies":[{"name":"wp","href":"https:\/\/api.w.org\/{rel}","templated":true}]}}